{"id":18,"date":"2016-09-27T16:52:28","date_gmt":"2016-09-27T14:52:28","guid":{"rendered":"http:\/\/efficience-i.fr\/efficiencewp\/?page_id=18"},"modified":"2024-10-11T10:05:28","modified_gmt":"2024-10-11T08:05:28","slug":"pourquoi","status":"publish","type":"page","link":"https:\/\/www.efficience-i.fr\/index.php\/pourquoi\/","title":{"rendered":"Pourquoi ?"},"content":{"rendered":"<h4 style=\"text-align: center;\"><span style=\"color: #2c5993;\"><em><strong>\u00ab\u00a0Efficience : qualit\u00e9 d&rsquo;un rendement permettant de r\u00e9aliser un objectif avec l&rsquo;optimisation des moyens engag\u00e9s\u00a0\u00bb <\/strong><\/em><em>(Source\u00a0: Wikip\u00e9dia).<\/em><\/span><\/h4>\n<p>Etre efficient c&rsquo;est<strong> s&rsquo;int\u00e9grer<\/strong> \u00e0 l&rsquo;entreprise, <strong>comprendre les besoins<\/strong>, <strong>qualifier les ressources<\/strong> n\u00e9cessaires et savoir utiliser celles qui sont disponibles&#8230;<strong>Manager<\/strong> l&rsquo;ensemble afin d&rsquo;obtenir les <strong>r\u00e9sultats<\/strong> esp\u00e9r\u00e9s, <strong>c&rsquo;est notre m\u00e9tier<\/strong>.<\/p>\n<p>En 2010, apr\u00e8s de nombreuses ann\u00e9es pass\u00e9es \u00e0 la t\u00eate de services informatiques et fort de leur connaissance du m\u00e9tier de Responsable des Syst\u00e8mes d\u2019Information, les associ\u00e9s d\u2019<strong>Efficience i<\/strong> ont \u00e9tabli des constats simples\u00a0:<\/p>\n<ul>\n<li><strong>L\u2019isolement du collaborateur<\/strong> est l\u2019ennemi de la productivit\u00e9 et engendre souvent des probl\u00e8mes dans la gestion du service.<\/li>\n<li><strong>Les domaines de comp\u00e9tences<\/strong> demand\u00e9s repr\u00e9sentent une \u00e9tendue telle qu\u2019il n\u2019est pas possible \u00e0 un seul homme de les couvrir.<\/li>\n<li><strong>La non-ad\u00e9quation entre les besoins des\u00a0soci\u00e9t\u00e9s et les ressources humaines disponibles<\/strong> en interne rend souvent la pr\u00e9sence du collaborateur superflue.<\/li>\n<li>La difficult\u00e9 d\u2019\u00eatre \u00e0 la fois <strong>conseil, maitre d\u2019\u0153uvre, ouvrier des projets<\/strong> \u00e0 mener engendre l\u2019\u00e9chec des dits projets.<\/li>\n<\/ul>\n<p>Bien souvent, la gestion des projets doit \u00eatre assum\u00e9e par le dirigeant qui pr\u00e9f\u00e9rerait se consacrer \u00e0 la gestion de son entreprise et d\u00e9l\u00e9guer cela au prestataire retenu.<\/p>\n<p>Ainsi, conscient que <strong>la prestation\u00a0est la clef de voute d\u2019un service informatique efficient<\/strong> au sein d\u2019une entreprise, la question s\u2019est pos\u00e9e du format de celle-ci. Les prestations classiques, souvent trop \u00e9loign\u00e9es des r\u00e9alit\u00e9s m\u00e9tiers, ne permettent d\u2019aboutir \u00e0 des solutions qu\u2019au prix d\u2019un investissement lourd en terme de co\u00fbts et de temps.<\/p>\n<p><strong>EFFICIENCE i<\/strong> a donc fait le choix de <strong>la prestation en temps partag\u00e9<\/strong> afin d&rsquo;\u00eatre au plus proche de ses clients. Nos intervenants connaissent votre entreprise, votre m\u00e9tier et vos \u00e9quipes. Ce sont des<strong> g\u00e9n\u00e9ralistes de l&rsquo;informatique<\/strong>, aptes \u00e0 assumer la gestion quotidienne de vos infrastructures, \u00e0 manager les projets et les \u00e9ventuels intervenant ext\u00e9rieurs. Ils se forment sur vos applications m\u00e9tiers, sur vos proc\u00e9dures internes et prennent en consid\u00e9ration tout les points de sp\u00e9cificit\u00e9 de votre structure.<\/p>\n<h3 style=\"text-align: center;\"><span style=\"color: #2c5993;\"><strong><a style=\"color: #2c5993;\" href=\"https:\/\/www.efficience-i.fr\/index.php\/contactez-nous\/\">Offrez-vous le responsable informatique \u00e0 temps partiel de votre soci\u00e9t\u00e9.<\/a><\/strong><\/span><\/h3>\n<p><img loading=\"lazy\" decoding=\"async\" class=\"aligncenter size-medium wp-image-136\" src=\"https:\/\/www.efficience-i.fr\/wp-content\/uploads\/2016\/12\/Supertech-300x172.jpg\" alt=\"\" width=\"300\" height=\"172\" srcset=\"https:\/\/www.efficience-i.fr\/wp-content\/uploads\/2016\/12\/Supertech-300x172.jpg 300w, https:\/\/www.efficience-i.fr\/wp-content\/uploads\/2016\/12\/Supertech.jpg 458w\" sizes=\"auto, (max-width: 300px) 100vw, 300px\" \/><\/p>\n","protected":false},"excerpt":{"rendered":"<p>\u00ab\u00a0Efficience : qualit\u00e9 d&rsquo;un rendement permettant de r\u00e9aliser un objectif avec l&rsquo;optimisation des moyens engag\u00e9s\u00a0\u00bb (Source\u00a0: Wikip\u00e9dia). Etre efficient c&rsquo;est s&rsquo;int\u00e9grer \u00e0 l&rsquo;entreprise, comprendre les besoins, qualifier les ressources n\u00e9cessaires et savoir utiliser celles qui sont disponibles&#8230;Manager l&rsquo;ensemble afin d&rsquo;obtenir les r\u00e9sultats esp\u00e9r\u00e9s, c&rsquo;est notre m\u00e9tier. En 2010, apr\u00e8s de nombreuses ann\u00e9es pass\u00e9es \u00e0 la t\u00eate de services informatiques et fort de leur connaissance du [&hellip;]<\/p>\n","protected":false},"author":1,"featured_media":0,"parent":0,"menu_order":0,"comment_status":"closed","ping_status":"closed","template":"","meta":{"footnotes":""},"class_list":["post-18","page","type-page","status-publish","hentry"],"_links":{"self":[{"href":"https:\/\/www.efficience-i.fr\/index.php\/wp-json\/wp\/v2\/pages\/18","targetHints":{"allow":["GET"]}}],"collection":[{"href":"https:\/\/www.efficience-i.fr\/index.php\/wp-json\/wp\/v2\/pages"}],"about":[{"href":"https:\/\/www.efficience-i.fr\/index.php\/wp-json\/wp\/v2\/types\/page"}],"author":[{"embeddable":true,"href":"https:\/\/www.efficience-i.fr\/index.php\/wp-json\/wp\/v2\/users\/1"}],"replies":[{"embeddable":true,"href":"https:\/\/www.efficience-i.fr\/index.php\/wp-json\/wp\/v2\/comments?post=18"}],"version-history":[{"count":22,"href":"https:\/\/www.efficience-i.fr\/index.php\/wp-json\/wp\/v2\/pages\/18\/revisions"}],"predecessor-version":[{"id":298,"href":"https:\/\/www.efficience-i.fr\/index.php\/wp-json\/wp\/v2\/pages\/18\/revisions\/298"}],"wp:attachment":[{"href":"https:\/\/www.efficience-i.fr\/index.php\/wp-json\/wp\/v2\/media?parent=18"}],"curies":[{"name":"wp","href":"https:\/\/api.w.org\/{rel}","templated":true}]}}